{"id":47310,"date":"2024-04-05T09:25:00","date_gmt":"2024-04-05T07:25:00","guid":{"rendered":"https:\/\/www.ethifinance.com\/opinions\/premiere-edition-de-letude-isr-sur-le-marche-du-private-equity-en-espagne-2023\/"},"modified":"2026-03-11T16:47:33","modified_gmt":"2026-03-11T15:47:33","slug":"esg-private-equity-espagne","status":"publish","type":"opinions","link":"https:\/\/www.ethifinance.com\/fr\/opinions\/esg-private-equity-espagne\/","title":{"rendered":"Premi\u00e8re \u00e9dition de l\u2019\u00e9tude ISR sur le march\u00e9 du Private Equity en Espagne, 2023"},"content":{"rendered":"\n<p>EthiFinance a publi\u00e9 la premi\u00e8re \u00e9dition de son \u00ab \u00e9tude ISR sur le march\u00e9 du Private Equity en Espagne \u00bb, qui analyse le niveau de maturit\u00e9 ESG (Environnement, Social et Gouvernance) des soci\u00e9t\u00e9s de gestion de private equity espagnoles. Elle met en \u00e9vidence les nouvelles tendances ESG du march\u00e9 et identifie des axes d\u2019am\u00e9lioration pour les gestionnaires d\u2019actifs.<\/p>\n\n<p>Quatre aspects principaux sont analys\u00e9s : l\u2019approche ESG, les politiques d\u2019exclusion, les ressources d\u00e9di\u00e9es \u00e0 l\u2019ESG et la classification SFDR des fonds.<\/p>\n\n<p>Cette \u00e9tude repose principalement sur des informations publiques mises \u00e0 disposition par les soci\u00e9t\u00e9s de gestion sur leurs sites internet, ainsi que sur les informations contenues dans les documents pr\u00e9contractuels des fonds, disponibles sur le site de la Commission nationale du march\u00e9 des valeurs espagnole (CNMV). Les donn\u00e9es ont \u00e9t\u00e9 collect\u00e9es aupr\u00e8s de 112 soci\u00e9t\u00e9s de gestion (et fonds d\u2019investissement ind\u00e9pendants) actives dans le private equity en Espagne. <\/p>\n","protected":false},"excerpt":{"rendered":"<p>EthiFinance a publi\u00e9 la premi\u00e8re \u00e9dition de son \u00ab \u00e9tude ISR sur le march\u00e9 du Private Equity en Espagne \u00bb, qui analyse le niveau de maturit\u00e9 ESG (Environnement, Social et Gouvernance) des soci\u00e9t\u00e9s de gestion de private equity espagnoles. Elle met en \u00e9vidence les nouvelles tendances ESG du march\u00e9 et identifie des axes d\u2019am\u00e9lioration pour [&hellip;]<\/p>\n","protected":false},"featured_media":0,"template":"","meta":{"_acf_changed":false},"class_list":["post-47310","opinions","type-opinions","status-publish","hentry"],"acf":[],"yoast_head":"<!-- This site is optimized with the Yoast SEO plugin v26.9 - https:\/\/yoast.com\/product\/yoast-seo-wordpress\/ -->\n<title>Premi\u00e8re \u00e9dition de l\u2019\u00e9tude ISR sur le march\u00e9 du Private Equity en Espagne, 2023 - EthiFinance<\/title>\n<meta name=\"description\" content=\"\u00c9tude 2023 sur la maturit\u00e9 ESG des soci\u00e9t\u00e9s de gestion de private equity en Espagne et les principales tendances du march\u00e9.\" \/>\n<meta name=\"robots\" content=\"index, follow, max-snippet:-1, max-image-preview:large, max-video-preview:-1\" \/>\n<link rel=\"canonical\" href=\"https:\/\/www.ethifinance.com\/fr\/opinions\/esg-private-equity-espagne\/\" \/>\n<meta property=\"og:locale\" content=\"fr_FR\" \/>\n<meta property=\"og:type\" content=\"article\" \/>\n<meta property=\"og:title\" content=\"Premi\u00e8re \u00e9dition de l\u2019\u00e9tude ISR sur le march\u00e9 du Private Equity en Espagne, 2023 - EthiFinance\" \/>\n<meta property=\"og:description\" content=\"\u00c9tude 2023 sur la maturit\u00e9 ESG des soci\u00e9t\u00e9s de gestion de private equity en Espagne et les principales tendances du march\u00e9.\" \/>\n<meta property=\"og:url\" content=\"https:\/\/www.ethifinance.com\/fr\/opinions\/esg-private-equity-espagne\/\" \/>\n<meta property=\"og:site_name\" content=\"EthiFinance\" \/>\n<meta property=\"article:modified_time\" content=\"2026-03-11T15:47:33+00:00\" \/>\n<meta name=\"twitter:card\" content=\"summary_large_image\" \/>\n<meta name=\"twitter:label1\" content=\"Dur\u00e9e de lecture estim\u00e9e\" \/>\n\t<meta name=\"twitter:data1\" content=\"1 minute\" \/>\n<script type=\"application\/ld+json\" class=\"yoast-schema-graph\">{\"@context\":\"https:\/\/schema.org\",\"@graph\":[{\"@type\":\"WebPage\",\"@id\":\"https:\/\/www.ethifinance.com\/fr\/opinions\/esg-private-equity-espagne\/\",\"url\":\"https:\/\/www.ethifinance.com\/fr\/opinions\/esg-private-equity-espagne\/\",\"name\":\"Premi\u00e8re \u00e9dition de l\u2019\u00e9tude ISR sur le march\u00e9 du Private Equity en Espagne, 2023 - EthiFinance\",\"isPartOf\":{\"@id\":\"https:\/\/www.ethifinance.com\/fr\/#website\"},\"datePublished\":\"2024-04-05T07:25:00+00:00\",\"dateModified\":\"2026-03-11T15:47:33+00:00\",\"description\":\"\u00c9tude 2023 sur la maturit\u00e9 ESG des soci\u00e9t\u00e9s de gestion de private equity en Espagne et les principales tendances du march\u00e9.\",\"breadcrumb\":{\"@id\":\"https:\/\/www.ethifinance.com\/fr\/opinions\/esg-private-equity-espagne\/#breadcrumb\"},\"inLanguage\":\"fr-FR\",\"potentialAction\":[{\"@type\":\"ReadAction\",\"target\":[\"https:\/\/www.ethifinance.com\/fr\/opinions\/esg-private-equity-espagne\/\"]}]},{\"@type\":\"BreadcrumbList\",\"@id\":\"https:\/\/www.ethifinance.com\/fr\/opinions\/esg-private-equity-espagne\/#breadcrumb\",\"itemListElement\":[{\"@type\":\"ListItem\",\"position\":1,\"name\":\"Accueil\",\"item\":\"https:\/\/www.ethifinance.com\/fr\/accueil\/\"},{\"@type\":\"ListItem\",\"position\":2,\"name\":\"Premi\u00e8re \u00e9dition de l\u2019\u00e9tude ISR sur le march\u00e9 du Private Equity en Espagne, 2023\"}]},{\"@type\":\"WebSite\",\"@id\":\"https:\/\/www.ethifinance.com\/fr\/#website\",\"url\":\"https:\/\/www.ethifinance.com\/fr\/\",\"name\":\"Ethifinance\",\"description\":\"\",\"publisher\":{\"@id\":\"https:\/\/www.ethifinance.com\/fr\/#organization\"},\"potentialAction\":[{\"@type\":\"SearchAction\",\"target\":{\"@type\":\"EntryPoint\",\"urlTemplate\":\"https:\/\/www.ethifinance.com\/fr\/?s={search_term_string}\"},\"query-input\":{\"@type\":\"PropertyValueSpecification\",\"valueRequired\":true,\"valueName\":\"search_term_string\"}}],\"inLanguage\":\"fr-FR\"},{\"@type\":\"Organization\",\"@id\":\"https:\/\/www.ethifinance.com\/fr\/#organization\",\"name\":\"Ethifinance\",\"url\":\"https:\/\/www.ethifinance.com\/fr\/\",\"logo\":{\"@type\":\"ImageObject\",\"inLanguage\":\"fr-FR\",\"@id\":\"https:\/\/www.ethifinance.com\/fr\/#\/schema\/logo\/image\/\",\"url\":\"https:\/\/www.ethifinance.com\/wp-content\/uploads\/2024\/05\/Logo_simplified_green_by_altay-01-01.png\",\"contentUrl\":\"https:\/\/www.ethifinance.com\/wp-content\/uploads\/2024\/05\/Logo_simplified_green_by_altay-01-01.png\",\"width\":1424,\"height\":248,\"caption\":\"Ethifinance\"},\"image\":{\"@id\":\"https:\/\/www.ethifinance.com\/fr\/#\/schema\/logo\/image\/\"},\"sameAs\":[\"https:\/\/www.linkedin.com\/company\/ethifinance\/\",\"https:\/\/www.youtube.com\/@ethifinance_EU\"]}]}<\/script>\n<!-- \/ Yoast SEO plugin. -->","yoast_head_json":{"title":"Premi\u00e8re \u00e9dition de l\u2019\u00e9tude ISR sur le march\u00e9 du Private Equity en Espagne, 2023 - EthiFinance","description":"\u00c9tude 2023 sur la maturit\u00e9 ESG des soci\u00e9t\u00e9s de gestion de private equity en Espagne et les principales tendances du march\u00e9.","robots":{"index":"index","follow":"follow","max-snippet":"max-snippet:-1","max-image-preview":"max-image-preview:large","max-video-preview":"max-video-preview:-1"},"canonical":"https:\/\/www.ethifinance.com\/fr\/opinions\/esg-private-equity-espagne\/","og_locale":"fr_FR","og_type":"article","og_title":"Premi\u00e8re \u00e9dition de l\u2019\u00e9tude ISR sur le march\u00e9 du Private Equity en Espagne, 2023 - EthiFinance","og_description":"\u00c9tude 2023 sur la maturit\u00e9 ESG des soci\u00e9t\u00e9s de gestion de private equity en Espagne et les principales tendances du march\u00e9.","og_url":"https:\/\/www.ethifinance.com\/fr\/opinions\/esg-private-equity-espagne\/","og_site_name":"EthiFinance","article_modified_time":"2026-03-11T15:47:33+00:00","twitter_card":"summary_large_image","twitter_misc":{"Dur\u00e9e de lecture estim\u00e9e":"1 minute"},"schema":{"@context":"https:\/\/schema.org","@graph":[{"@type":"WebPage","@id":"https:\/\/www.ethifinance.com\/fr\/opinions\/esg-private-equity-espagne\/","url":"https:\/\/www.ethifinance.com\/fr\/opinions\/esg-private-equity-espagne\/","name":"Premi\u00e8re \u00e9dition de l\u2019\u00e9tude ISR sur le march\u00e9 du Private Equity en Espagne, 2023 - EthiFinance","isPartOf":{"@id":"https:\/\/www.ethifinance.com\/fr\/#website"},"datePublished":"2024-04-05T07:25:00+00:00","dateModified":"2026-03-11T15:47:33+00:00","description":"\u00c9tude 2023 sur la maturit\u00e9 ESG des soci\u00e9t\u00e9s de gestion de private equity en Espagne et les principales tendances du march\u00e9.","breadcrumb":{"@id":"https:\/\/www.ethifinance.com\/fr\/opinions\/esg-private-equity-espagne\/#breadcrumb"},"inLanguage":"fr-FR","potentialAction":[{"@type":"ReadAction","target":["https:\/\/www.ethifinance.com\/fr\/opinions\/esg-private-equity-espagne\/"]}]},{"@type":"BreadcrumbList","@id":"https:\/\/www.ethifinance.com\/fr\/opinions\/esg-private-equity-espagne\/#breadcrumb","itemListElement":[{"@type":"ListItem","position":1,"name":"Accueil","item":"https:\/\/www.ethifinance.com\/fr\/accueil\/"},{"@type":"ListItem","position":2,"name":"Premi\u00e8re \u00e9dition de l\u2019\u00e9tude ISR sur le march\u00e9 du Private Equity en Espagne, 2023"}]},{"@type":"WebSite","@id":"https:\/\/www.ethifinance.com\/fr\/#website","url":"https:\/\/www.ethifinance.com\/fr\/","name":"Ethifinance","description":"","publisher":{"@id":"https:\/\/www.ethifinance.com\/fr\/#organization"},"potentialAction":[{"@type":"SearchAction","target":{"@type":"EntryPoint","urlTemplate":"https:\/\/www.ethifinance.com\/fr\/?s={search_term_string}"},"query-input":{"@type":"PropertyValueSpecification","valueRequired":true,"valueName":"search_term_string"}}],"inLanguage":"fr-FR"},{"@type":"Organization","@id":"https:\/\/www.ethifinance.com\/fr\/#organization","name":"Ethifinance","url":"https:\/\/www.ethifinance.com\/fr\/","logo":{"@type":"ImageObject","inLanguage":"fr-FR","@id":"https:\/\/www.ethifinance.com\/fr\/#\/schema\/logo\/image\/","url":"https:\/\/www.ethifinance.com\/wp-content\/uploads\/2024\/05\/Logo_simplified_green_by_altay-01-01.png","contentUrl":"https:\/\/www.ethifinance.com\/wp-content\/uploads\/2024\/05\/Logo_simplified_green_by_altay-01-01.png","width":1424,"height":248,"caption":"Ethifinance"},"image":{"@id":"https:\/\/www.ethifinance.com\/fr\/#\/schema\/logo\/image\/"},"sameAs":["https:\/\/www.linkedin.com\/company\/ethifinance\/","https:\/\/www.youtube.com\/@ethifinance_EU"]}]}},"_links":{"self":[{"href":"https:\/\/www.ethifinance.com\/fr\/wp-json\/wp\/v2\/opinions\/47310","targetHints":{"allow":["GET"]}}],"collection":[{"href":"https:\/\/www.ethifinance.com\/fr\/wp-json\/wp\/v2\/opinions"}],"about":[{"href":"https:\/\/www.ethifinance.com\/fr\/wp-json\/wp\/v2\/types\/opinions"}],"version-history":[{"count":5,"href":"https:\/\/www.ethifinance.com\/fr\/wp-json\/wp\/v2\/opinions\/47310\/revisions"}],"predecessor-version":[{"id":47579,"href":"https:\/\/www.ethifinance.com\/fr\/wp-json\/wp\/v2\/opinions\/47310\/revisions\/47579"}],"wp:attachment":[{"href":"https:\/\/www.ethifinance.com\/fr\/wp-json\/wp\/v2\/media?parent=47310"}],"curies":[{"name":"wp","href":"https:\/\/api.w.org\/{rel}","templated":true}]}}